{"id":4655,"date":"2014-05-16T14:25:04","date_gmt":"2014-05-16T12:25:04","guid":{"rendered":"http:\/\/www.marktmusik-eberschwang.com\/cms\/?page_id=4655"},"modified":"2026-04-17T14:23:34","modified_gmt":"2026-04-17T12:23:34","slug":"startseite","status":"publish","type":"page","link":"https:\/\/www.marktmusik-eberschwang.com\/cms\/","title":{"rendered":"Startseite"},"content":{"rendered":"<div class=\"cff-wrapper\"><div class=\"cff-wrapper-ctn \" ><div id=\"cff\"  class=\"cff cff-list-container  cff-default-styles  cff-mob-cols-1 cff-tab-cols-1\"   style=\"width:100%;\"   data-char=\"400\"  data-cff-flags=\"gdpr\" ><div class=\"cff-posts-wrap\"><div id=\"cff_104667835897949_918780904485076\" class=\"cff-item cff-video-post cff-box author-marktmusik-eberschwang\"  style=\"border-radius:21px;background-color:#FDFDFD;\" >\n\t\n<div class=\"cff-post-text\" >\n\t<span class=\"cff-text\" data-color=\"\">\n\t\t\ud835\udc0d\ud835\udc28\ud835\udc2d\ud835\udc21\ud835\udc22\ud835\udc27\ud835\udc20 \ud835\udc1b\ud835\udc1e\ud835\udc1a\ud835\udc2d\ud835\udc2c \ud835\udc1a \ud835\udc23\ud835\udc1e\ud835\udc2d\ud835\udfd0\ud835\udc32\ud835\udc28\ud835\udc2e \ud835\udc21\ud835\udc28\ud835\udc25\ud835\udc22\ud835\udc1d\ud835\udc1a\ud835\udc32 \u2708\ufe0f\u2026<img class=\"cff-linebreak\" \/>\u2026 au\u00dfer 91,67 Punkte &amp; GOLD bei der Konzertwertung \ud83c\udfc5\ud83c\udfb6<img class=\"cff-linebreak\" \/><img class=\"cff-linebreak\" \/>Erster Wettbewerb mit unserem Kapellmeister Patrick Wilhelm &amp; dann gleich so ein Ergebnis \ud83d\udd25<img class=\"cff-linebreak\" \/><img class=\"cff-linebreak\" \/>#mmk #dassindwir <a href=\"https:\/\/facebook.com\/688760307877470\">#coolerhaufen<\/a> <a href=\"https:\/\/facebook.com\/239506799506438\">#konzertwertung<\/a> <a href=\"https:\/\/facebook.com\/471822136236239\">#gemeinsamesziel<\/a>\t\t\t<\/span>\n\t<span class=\"cff-expand\">... <a href=\"#\" style=\"color: #\"><span class=\"cff-more\">Mehr sehen<\/span><span class=\"cff-less\">Weniger sehen<\/span><\/a><\/span>\n\n<\/div>\n\n<p class=\"cff-media-link\">\n\t<a href=\"https:\/\/www.facebook.com\/104667835897949\/posts\/918780904485076\" target=\"_blank\" style=\"color: #\">\n\t\t<span style=\"padding-right: 5px;\" class=\"fa fas fa-video-camera fa-video\"><\/span>Video\t<\/a>\n<\/p>\n\t\t<div class=\"cff-post-links\">\n\t\t\t\t\t<a class=\"cff-viewpost-facebook\" href=\"https:\/\/www.facebook.com\/104667835897949\/posts\/918780904485076\" title=\"Auf Facebook anzeigen\" target=\"_blank\" rel=\"nofollow noopener\" >Auf Facebook anzeigen<\/a>\n\t\t\t\t\t\t\t<div class=\"cff-share-container\">\n\t\t\t\t\t\t\t\t\t<span class=\"cff-dot\" >&middot;<\/span>\n\t\t\t\t\t\t\t\t<a class=\"cff-share-link\" href=\"https:\/\/www.facebook.com\/sharer\/sharer.php?u=https%3A%2F%2Fwww.facebook.com%2F104667835897949%2Fposts%2F918780904485076\" title=\"Teilen\" >Teilen<\/a>\n\t\t\t\t<p class=\"cff-share-tooltip\">\n\t\t\t\t\t\t\t\t\t\t\t<a href=\"https:\/\/www.facebook.com\/sharer\/sharer.php?u=https%3A%2F%2Fwww.facebook.com%2F104667835897949%2Fposts%2F918780904485076\" target=\"_blank\" rel=\"noopener noreferrer\" class=\"cff-facebook-icon\">\n\t\t\t\t\t\t\t<span class=\"fa fab fa-facebook-square\" aria-hidden=\"true\"><\/span>\n\t\t\t\t\t\t\t<span class=\"cff-screenreader\">Auf Facebook teilen<\/span>\n\t\t\t\t\t\t<\/a>\n\t\t\t\t\t\t\t\t\t\t\t<a href=\"https:\/\/twitter.com\/intent\/tweet?text=https%3A%2F%2Fwww.facebook.com%2F104667835897949%2Fposts%2F918780904485076\" target=\"_blank\" rel=\"noopener noreferrer\" class=\"cff-twitter-icon\">\n\t\t\t\t\t\t\t<span class=\"fa fab fa-twitter\" aria-hidden=\"true\"><\/span>\n\t\t\t\t\t\t\t<span class=\"cff-screenreader\">Auf Twitter teilen<\/span>\n\t\t\t\t\t\t<\/a>\n\t\t\t\t\t\t\t\t\t\t\t<a href=\"https:\/\/www.linkedin.com\/shareArticle?mini=true&#038;url=https%3A%2F%2Fwww.facebook.com%2F104667835897949%2Fposts%2F918780904485076&#038;title=%09%09%09%F0%9D%90%8D%F0%9D%90%A8%F0%9D%90%AD%F0%9D%90%A1%F0%9D%90%A2%F0%9D%90%A7%F0%9D%90%A0%20%F0%9D%90%9B%F0%9D%90%9E%F0%9D%90%9A%F0%9D%90%AD%F0%9D%90%AC%20%F0%9D%90%9A%20%F0%9D%90%A3%F0%9D%90%9E%F0%9D%90%AD%F0%9D%9F%90%F0%9D%90%B2%F0%9D%90%A8%F0%9D%90%AE%20%F0%9D%90%A1%F0%9D%90%A8%F0%9D%90%A5%F0%9D%90%A2%F0%9D%90%9D%F0%9D%90%9A%F0%9D%90%B2%20%E2%9C%88%EF%B8%8F%E2%80%A6%E2%80%A6%20au%C3%9Fer%2091%2C67%20Punkte%20%26amp%3B%20GOLD%20bei%20der%20Konzertwertung%20%F0%9F%8F%85%F0%9F%8E%B6Erster%20Wettbewerb%20mit%20unserem%20Kapellmeister%20Patrick%20Wilhelm%20%26amp%3B%20dann%20gleich%20so%20ein%20Ergebnis%20%F0%9F%94%A5%23mmk%20%23dassindwir%20%23coolerhaufen%20%23konzertwertung%20%23gemeinsamesziel%09%09%09%09\" target=\"_blank\" rel=\"noopener noreferrer\" class=\"cff-linkedin-icon\">\n\t\t\t\t\t\t\t<span class=\"fa fab fa-linkedin\" aria-hidden=\"true\"><\/span>\n\t\t\t\t\t\t\t<span class=\"cff-screenreader\">Auf LinkedIn teilen<\/span>\n\t\t\t\t\t\t<\/a>\n\t\t\t\t\t\t\t\t\t\t\t<a href=\"mailto:?subject=Facebook&#038;body=https%3A%2F%2Fwww.facebook.com%2F104667835897949%2Fposts%2F918780904485076%20-%20%0A%0A%09%0A%09%09%F0%9D%90%8D%F0%9D%90%A8%F0%9D%90%AD%F0%9D%90%A1%F0%9D%90%A2%F0%9D%90%A7%F0%9D%90%A0%20%F0%9D%90%9B%F0%9D%90%9E%F0%9D%90%9A%F0%9D%90%AD%F0%9D%90%AC%20%F0%9D%90%9A%20%F0%9D%90%A3%F0%9D%90%9E%F0%9D%90%AD%F0%9D%9F%90%F0%9D%90%B2%F0%9D%90%A8%F0%9D%90%AE%20%F0%9D%90%A1%F0%9D%90%A8%F0%9D%90%A5%F0%9D%90%A2%F0%9D%90%9D%F0%9D%90%9A%F0%9D%90%B2%20%E2%9C%88%EF%B8%8F%E2%80%A6%E2%80%A6%20au%C3%9Fer%2091%2C67%20Punkte%20%26amp%3B%20GOLD%20bei%20der%20Konzertwertung%20%F0%9F%8F%85%F0%9F%8E%B6Erster%20Wettbewerb%20mit%20unserem%20Kapellmeister%20Patrick%20Wilhelm%20%26amp%3B%20dann%20gleich%20so%20ein%20Ergebnis%20%F0%9F%94%A5%23mmk%20%23dassindwir%20%23coolerhaufen%20%23konzertwertung%20%23gemeinsamesziel%09%09%09%0A%09\" target=\"_blank\" rel=\"noopener noreferrer\" class=\"cff-email-icon\">\n\t\t\t\t\t\t\t<span class=\"fa fab fa-envelope\" aria-hidden=\"true\"><\/span>\n\t\t\t\t\t\t\t<span class=\"cff-screenreader\">Per E-Mail teilen<\/span>\n\t\t\t\t\t\t<\/a>\n\t\t\t\t\t\t\t\t\t<\/p>\n\t\t\t<\/div>\n\t\t\t<\/div>\n\t<\/div>\n\n\n\n<div id=\"cff_104667835897949_912393548457145\" class=\"cff-item cff-photo-post cff-box author-marktmusik-eberschwang\"  style=\"border-radius:21px;background-color:#FDFDFD;\" >\n\t\n<div class=\"cff-post-text\" >\n\t<span class=\"cff-text\" data-color=\"\">\n\t\t\ud83c\udfb5 \ud835\udc0a\ud835\udc28\ud835\udc27\ud835\udc33\ud835\udc1e\ud835\udc2b\ud835\udc2d\ud835\udc30\ud835\udc1e\ud835\udc2b\ud835\udc2d\ud835\udc2e\ud835\udc27\ud835\udc20 \ud83c\udfb5<img class=\"cff-linebreak\" \/>Am 18. April stellen wir uns der Konzertwertung im Bezirk Braunau mit unserem neuen Kapellmeister Patrick Wilhelm \u2764\ufe0f\ud83d\udc9a<img class=\"cff-linebreak\" \/><img class=\"cff-linebreak\" \/>Wir w\u00fcrden uns \u00fcber einige unterst\u00fctzende Zuh\u00f6rerInnen freuen!\t\t\t<\/span>\n\t<span class=\"cff-expand\">... <a href=\"#\" style=\"color: #\"><span class=\"cff-more\">Mehr sehen<\/span><span class=\"cff-less\">Weniger sehen<\/span><\/a><\/span>\n\n<\/div>\n\n<p class=\"cff-media-link\">\n\t<a href=\"https:\/\/www.facebook.com\/photo.php?fbid=912393535123813&#038;set=a.106506399045868&#038;type=3\" target=\"_blank\" style=\"color: #\">\n\t\t<span style=\"padding-right: 5px;\" class=\"fa fas fa-picture-o fa-image\"><\/span>Foto\t<\/a>\n<\/p>\n\t\t<div class=\"cff-post-links\">\n\t\t\t\t\t<a class=\"cff-viewpost-facebook\" href=\"https:\/\/www.facebook.com\/photo.php?fbid=912393535123813&#038;set=a.106506399045868&#038;type=3\" title=\"Auf Facebook anzeigen\" target=\"_blank\" rel=\"nofollow noopener\" >Auf Facebook anzeigen<\/a>\n\t\t\t\t\t\t\t<div class=\"cff-share-container\">\n\t\t\t\t\t\t\t\t\t<span class=\"cff-dot\" >&middot;<\/span>\n\t\t\t\t\t\t\t\t<a class=\"cff-share-link\" href=\"https:\/\/www.facebook.com\/sharer\/sharer.php?u=https%3A%2F%2Fwww.facebook.com%2Fphoto.php%3Ffbid%3D912393535123813%26amp%3Bset%3Da.106506399045868%26amp%3Btype%3D3\" title=\"Teilen\" >Teilen<\/a>\n\t\t\t\t<p class=\"cff-share-tooltip\">\n\t\t\t\t\t\t\t\t\t\t\t<a href=\"https:\/\/www.facebook.com\/sharer\/sharer.php?u=https%3A%2F%2Fwww.facebook.com%2Fphoto.php%3Ffbid%3D912393535123813%26amp%3Bset%3Da.106506399045868%26amp%3Btype%3D3\" target=\"_blank\" rel=\"noopener noreferrer\" class=\"cff-facebook-icon\">\n\t\t\t\t\t\t\t<span class=\"fa fab fa-facebook-square\" aria-hidden=\"true\"><\/span>\n\t\t\t\t\t\t\t<span class=\"cff-screenreader\">Auf Facebook teilen<\/span>\n\t\t\t\t\t\t<\/a>\n\t\t\t\t\t\t\t\t\t\t\t<a href=\"https:\/\/twitter.com\/intent\/tweet?text=https%3A%2F%2Fwww.facebook.com%2Fphoto.php%3Ffbid%3D912393535123813%26amp%3Bset%3Da.106506399045868%26amp%3Btype%3D3\" target=\"_blank\" rel=\"noopener noreferrer\" class=\"cff-twitter-icon\">\n\t\t\t\t\t\t\t<span class=\"fa fab fa-twitter\" aria-hidden=\"true\"><\/span>\n\t\t\t\t\t\t\t<span class=\"cff-screenreader\">Auf Twitter teilen<\/span>\n\t\t\t\t\t\t<\/a>\n\t\t\t\t\t\t\t\t\t\t\t<a href=\"https:\/\/www.linkedin.com\/shareArticle?mini=true&#038;url=https%3A%2F%2Fwww.facebook.com%2Fphoto.php%3Ffbid%3D912393535123813%26amp%3Bset%3Da.106506399045868%26amp%3Btype%3D3&#038;title=%09%09%09%F0%9F%8E%B5%20%F0%9D%90%8A%F0%9D%90%A8%F0%9D%90%A7%F0%9D%90%B3%F0%9D%90%9E%F0%9D%90%AB%F0%9D%90%AD%F0%9D%90%B0%F0%9D%90%9E%F0%9D%90%AB%F0%9D%90%AD%F0%9D%90%AE%F0%9D%90%A7%F0%9D%90%A0%20%F0%9F%8E%B5Am%2018.%20April%20stellen%20wir%20uns%20der%20Konzertwertung%20im%20Bezirk%20Braunau%20mit%20unserem%20neuen%20Kapellmeister%20Patrick%20Wilhelm%20%E2%9D%A4%EF%B8%8F%F0%9F%92%9AWir%20w%C3%BCrden%20uns%20%C3%BCber%20einige%20unterst%C3%BCtzende%20Zuh%C3%B6rerInnen%20freuen%21%09%09%09%09\" target=\"_blank\" rel=\"noopener noreferrer\" class=\"cff-linkedin-icon\">\n\t\t\t\t\t\t\t<span class=\"fa fab fa-linkedin\" aria-hidden=\"true\"><\/span>\n\t\t\t\t\t\t\t<span class=\"cff-screenreader\">Auf LinkedIn teilen<\/span>\n\t\t\t\t\t\t<\/a>\n\t\t\t\t\t\t\t\t\t\t\t<a href=\"mailto:?subject=Facebook&#038;body=https%3A%2F%2Fwww.facebook.com%2Fphoto.php%3Ffbid%3D912393535123813%26amp%3Bset%3Da.106506399045868%26amp%3Btype%3D3%20-%20%0A%0A%09%0A%09%09%F0%9F%8E%B5%20%F0%9D%90%8A%F0%9D%90%A8%F0%9D%90%A7%F0%9D%90%B3%F0%9D%90%9E%F0%9D%90%AB%F0%9D%90%AD%F0%9D%90%B0%F0%9D%90%9E%F0%9D%90%AB%F0%9D%90%AD%F0%9D%90%AE%F0%9D%90%A7%F0%9D%90%A0%20%F0%9F%8E%B5Am%2018.%20April%20stellen%20wir%20uns%20der%20Konzertwertung%20im%20Bezirk%20Braunau%20mit%20unserem%20neuen%20Kapellmeister%20Patrick%20Wilhelm%20%E2%9D%A4%EF%B8%8F%F0%9F%92%9AWir%20w%C3%BCrden%20uns%20%C3%BCber%20einige%20unterst%C3%BCtzende%20Zuh%C3%B6rerInnen%20freuen%21%09%09%09%0A%09\" target=\"_blank\" rel=\"noopener noreferrer\" class=\"cff-email-icon\">\n\t\t\t\t\t\t\t<span class=\"fa fab fa-envelope\" aria-hidden=\"true\"><\/span>\n\t\t\t\t\t\t\t<span class=\"cff-screenreader\">Per E-Mail teilen<\/span>\n\t\t\t\t\t\t<\/a>\n\t\t\t\t\t\t\t\t\t<\/p>\n\t\t\t<\/div>\n\t\t\t<\/div>\n\t<\/div>\n\n\n\n<div id=\"cff_104667835897949_885449224484911\" class=\"cff-item cff-status-post cff-album cff-box author-marktmusik-eberschwang\"  style=\"border-radius:21px;background-color:#FDFDFD;\" >\n\t\n<div class=\"cff-post-text\" >\n\t<span class=\"cff-text\" data-color=\"\">\n\t\t\ud83e\ude87 \ud835\udde1\ud835\uddf2\ud835\ude02\ud835\uddf2\ud835\ude00 \ud835\ude03\ud835\uddfc\ud835\uddfb \ud835\uddf1\ud835\uddf2\ud835\uddfb \ud835\udde7\ud835\uddff\ud835\uddfc\u0308\ud835\ude01\ud835\uddf2\ud835\uddff\ud835\uddf6\ud835\uddf0\ud835\uddf5\ud835\ude00 \ud83e\ude87<img class=\"cff-linebreak\" \/>Hier ein kleines Update, was bei unserer musikalischen Fr\u00fcherziehung gerade los ist:<img class=\"cff-linebreak\" \/>Unsere J\u00fcngsten lernen gerade die verschiedene Instrumente eines Orchesters n\u00e4her kennen. F\u00fcr eine bessere Vorstellung wurden schon einige aktive Musikerinnen der MMK eingeladen, ihr Instrument vorzustellen &amp; ein St\u00fcck darauf zu spielen.<img class=\"cff-linebreak\" \/>Am Ende durften die Tr\u00f6terichs auch selber ihr K\u00f6nnen unter Beweis stellen \ud83d\ude0e<img class=\"cff-linebreak\" \/><img class=\"cff-linebreak\" \/>Wir freuen uns schon, euch in ein paar Jahren in unseren Reihen begr\u00fc\u00dfe zu d\u00fcrfen\u2764\ufe0f\ud83d\udc9a<img class=\"cff-linebreak\" \/><img class=\"cff-linebreak\" \/>#mmk <a href=\"https:\/\/facebook.com\/161285257389016\">#eberschwang<\/a> <a href=\"https:\/\/facebook.com\/26322098817450296\">#tr\u00f6terichs<\/a> <a href=\"https:\/\/facebook.com\/244012989075909\">#musikalischefr\u00fcherziehung<\/a> <a href=\"https:\/\/facebook.com\/902642076467677\">#instrumentenvorstellung<\/a>\t\t\t<\/span>\n\t<span class=\"cff-expand\">... <a href=\"#\" style=\"color: #\"><span class=\"cff-more\">Mehr sehen<\/span><span class=\"cff-less\">Weniger sehen<\/span><\/a><\/span>\n\n<\/div>\n\n<p class=\"cff-media-link\">\n\t<a href=\"https:\/\/www.facebook.com\/915432378153262\/posts\/885449224484911\" target=\"_blank\" style=\"color: #\">\n\t\t<span style=\"padding-right: 5px;\" class=\"fa fas fa-picture-o fa-image\"><\/span>Foto\t<\/a>\n<\/p>\n\t\t<div class=\"cff-post-links\">\n\t\t\t\t\t<a class=\"cff-viewpost-facebook\" href=\"https:\/\/www.facebook.com\/915432378153262\/posts\/885449224484911\" title=\"Auf Facebook anzeigen\" target=\"_blank\" rel=\"nofollow noopener\" >Auf Facebook anzeigen<\/a>\n\t\t\t\t\t\t\t<div class=\"cff-share-container\">\n\t\t\t\t\t\t\t\t\t<span class=\"cff-dot\" >&middot;<\/span>\n\t\t\t\t\t\t\t\t<a class=\"cff-share-link\" href=\"https:\/\/www.facebook.com\/sharer\/sharer.php?u=https%3A%2F%2Fwww.facebook.com%2F915432378153262%2Fposts%2F885449224484911\" title=\"Teilen\" >Teilen<\/a>\n\t\t\t\t<p class=\"cff-share-tooltip\">\n\t\t\t\t\t\t\t\t\t\t\t<a href=\"https:\/\/www.facebook.com\/sharer\/sharer.php?u=https%3A%2F%2Fwww.facebook.com%2F915432378153262%2Fposts%2F885449224484911\" target=\"_blank\" rel=\"noopener noreferrer\" class=\"cff-facebook-icon\">\n\t\t\t\t\t\t\t<span class=\"fa fab fa-facebook-square\" aria-hidden=\"true\"><\/span>\n\t\t\t\t\t\t\t<span class=\"cff-screenreader\">Auf Facebook teilen<\/span>\n\t\t\t\t\t\t<\/a>\n\t\t\t\t\t\t\t\t\t\t\t<a href=\"https:\/\/twitter.com\/intent\/tweet?text=https%3A%2F%2Fwww.facebook.com%2F915432378153262%2Fposts%2F885449224484911\" target=\"_blank\" rel=\"noopener noreferrer\" class=\"cff-twitter-icon\">\n\t\t\t\t\t\t\t<span class=\"fa fab fa-twitter\" aria-hidden=\"true\"><\/span>\n\t\t\t\t\t\t\t<span class=\"cff-screenreader\">Auf Twitter teilen<\/span>\n\t\t\t\t\t\t<\/a>\n\t\t\t\t\t\t\t\t\t\t\t<a href=\"https:\/\/www.linkedin.com\/shareArticle?mini=true&#038;url=https%3A%2F%2Fwww.facebook.com%2F915432378153262%2Fposts%2F885449224484911&#038;title=%09%09%09%F0%9F%AA%87%20%F0%9D%97%A1%F0%9D%97%B2%F0%9D%98%82%F0%9D%97%B2%F0%9D%98%80%20%F0%9D%98%83%F0%9D%97%BC%F0%9D%97%BB%20%F0%9D%97%B1%F0%9D%97%B2%F0%9D%97%BB%20%F0%9D%97%A7%F0%9D%97%BF%F0%9D%97%BC%CC%88%F0%9D%98%81%F0%9D%97%B2%F0%9D%97%BF%F0%9D%97%B6%F0%9D%97%B0%F0%9D%97%B5%F0%9D%98%80%20%F0%9F%AA%87Hier%20ein%20kleines%20Update%2C%20was%20bei%20unserer%20musikalischen%20Fr%C3%BCherziehung%20gerade%20los%20ist%3AUnsere%20J%C3%BCngsten%20lernen%20gerade%20die%20verschiedene%20Instrumente%20eines%20Orchesters%20n%C3%A4her%20kennen.%20F%C3%BCr%20eine%20bessere%20Vorstellung%20wurden%20schon%20einige%20aktive%20Musikerinnen%20der%20MMK%20eingeladen%2C%20ihr%20Instrument%20vorzustellen%20%26amp%3B%20ein%20St%C3%BCck%20darauf%20zu%20spielen.Am%20Ende%20durften%20die%20Tr%C3%B6terichs%20auch%20selber%20ihr%20K%C3%B6nnen%20unter%20Beweis%20stellen%20%F0%9F%98%8EWir%20freuen%20uns%20schon%2C%20euch%20in%20ein%20paar%20Jahren%20in%20unseren%20Reihen%20begr%C3%BC%C3%9Fe%20zu%20d%C3%BCrfen%E2%9D%A4%EF%B8%8F%F0%9F%92%9A%23mmk%20%23eberschwang%20%23tr%C3%B6terichs%20%23musikalischefr%C3%BCherziehung%20%23instrumentenvorstellung%09%09%09%09\" target=\"_blank\" rel=\"noopener noreferrer\" class=\"cff-linkedin-icon\">\n\t\t\t\t\t\t\t<span class=\"fa fab fa-linkedin\" aria-hidden=\"true\"><\/span>\n\t\t\t\t\t\t\t<span class=\"cff-screenreader\">Auf LinkedIn teilen<\/span>\n\t\t\t\t\t\t<\/a>\n\t\t\t\t\t\t\t\t\t\t\t<a href=\"mailto:?subject=Facebook&#038;body=https%3A%2F%2Fwww.facebook.com%2F915432378153262%2Fposts%2F885449224484911%20-%20%0A%0A%09%0A%09%09%F0%9F%AA%87%20%F0%9D%97%A1%F0%9D%97%B2%F0%9D%98%82%F0%9D%97%B2%F0%9D%98%80%20%F0%9D%98%83%F0%9D%97%BC%F0%9D%97%BB%20%F0%9D%97%B1%F0%9D%97%B2%F0%9D%97%BB%20%F0%9D%97%A7%F0%9D%97%BF%F0%9D%97%BC%CC%88%F0%9D%98%81%F0%9D%97%B2%F0%9D%97%BF%F0%9D%97%B6%F0%9D%97%B0%F0%9D%97%B5%F0%9D%98%80%20%F0%9F%AA%87Hier%20ein%20kleines%20Update%2C%20was%20bei%20unserer%20musikalischen%20Fr%C3%BCherziehung%20gerade%20los%20ist%3AUnsere%20J%C3%BCngsten%20lernen%20gerade%20die%20verschiedene%20Instrumente%20eines%20Orchesters%20n%C3%A4her%20kennen.%20F%C3%BCr%20eine%20bessere%20Vorstellung%20wurden%20schon%20einige%20aktive%20Musikerinnen%20der%20MMK%20eingeladen%2C%20ihr%20Instrument%20vorzustellen%20%26amp%3B%20ein%20St%C3%BCck%20darauf%20zu%20spielen.Am%20Ende%20durften%20die%20Tr%C3%B6terichs%20auch%20selber%20ihr%20K%C3%B6nnen%20unter%20Beweis%20stellen%20%F0%9F%98%8EWir%20freuen%20uns%20schon%2C%20euch%20in%20ein%20paar%20Jahren%20in%20unseren%20Reihen%20begr%C3%BC%C3%9Fe%20zu%20d%C3%BCrfen%E2%9D%A4%EF%B8%8F%F0%9F%92%9A%23mmk%20%23eberschwang%20%23tr%C3%B6terichs%20%23musikalischefr%C3%BCherziehung%20%23instrumentenvorstellung%09%09%09%0A%09\" target=\"_blank\" rel=\"noopener noreferrer\" class=\"cff-email-icon\">\n\t\t\t\t\t\t\t<span class=\"fa fab fa-envelope\" aria-hidden=\"true\"><\/span>\n\t\t\t\t\t\t\t<span class=\"cff-screenreader\">Per E-Mail teilen<\/span>\n\t\t\t\t\t\t<\/a>\n\t\t\t\t\t\t\t\t\t<\/p>\n\t\t\t<\/div>\n\t\t\t<\/div>\n\t<\/div>\n\n\n\n<div id=\"cff_104667835897949_884834297879737\" class=\"cff-item cff-status-post cff-album cff-box author-marktmusik-eberschwang\"  style=\"border-radius:21px;background-color:#FDFDFD;\" >\n\t\n<div class=\"cff-post-text\" >\n\t<span class=\"cff-text\" data-color=\"\">\n\t\t\ud83c\udfeb \u0455\u0255\u043d\u03cb\u2113\u0454\u044f\u03c9\u0454\u044f\u0432\u03c5\u03b7\u0581 \ud83c\udfeb<img class=\"cff-linebreak\" \/>Alle 2 Jahre d\u00fcrfen wir die VS Eberschwang besuchen und uns als MMK Eberschwang vorstellen. Mit kleinen und lustigen Spielchen konnten wir die Sch\u00fclerinnen und Sch\u00fcler in unseren Bann der Blasmusik ziehen \ud83c\udfb6<img class=\"cff-linebreak\" \/>Mit den aktuellsten Hits wie \u201eWackelkontakt\u201c oder \u201ePartyplanet\u201c konnten wir alle zum Mitmachen bewegen und es wurde richtig laut im Turnsaal \ud83d\ude06<img class=\"cff-linebreak\" \/><img class=\"cff-linebreak\" \/>Zum Abschluss durften noch alle Instrumente probiert werden - und wer wei\u00df, vielleicht schlummert der ein oder andere Musiker in euch! \ud83d\ude0e<img class=\"cff-linebreak\" \/><img class=\"cff-linebreak\" \/>#mmk <a href=\"https:\/\/facebook.com\/6744223348994127\">#sch\u00fclerwerbung<\/a> <a href=\"https:\/\/facebook.com\/525643617488388\">#mitmachen<\/a> <a href=\"https:\/\/facebook.com\/167363386746633\">#gaudi<\/a> <a href=\"https:\/\/facebook.com\/403543486440529\">#vollebegeisterung<\/a>\t\t\t<\/span>\n\t<span class=\"cff-expand\">... <a href=\"#\" style=\"color: #\"><span class=\"cff-more\">Mehr sehen<\/span><span class=\"cff-less\">Weniger sehen<\/span><\/a><\/span>\n\n<\/div>\n\n<p class=\"cff-media-link\">\n\t<a href=\"https:\/\/www.facebook.com\/915432378153262\/posts\/884834297879737\" target=\"_blank\" style=\"color: #\">\n\t\t<span style=\"padding-right: 5px;\" class=\"fa fas fa-picture-o fa-image\"><\/span>Foto\t<\/a>\n<\/p>\n\t\t<div class=\"cff-post-links\">\n\t\t\t\t\t<a class=\"cff-viewpost-facebook\" href=\"https:\/\/www.facebook.com\/915432378153262\/posts\/884834297879737\" title=\"Auf Facebook anzeigen\" target=\"_blank\" rel=\"nofollow noopener\" >Auf Facebook anzeigen<\/a>\n\t\t\t\t\t\t\t<div class=\"cff-share-container\">\n\t\t\t\t\t\t\t\t\t<span class=\"cff-dot\" >&middot;<\/span>\n\t\t\t\t\t\t\t\t<a class=\"cff-share-link\" href=\"https:\/\/www.facebook.com\/sharer\/sharer.php?u=https%3A%2F%2Fwww.facebook.com%2F915432378153262%2Fposts%2F884834297879737\" title=\"Teilen\" >Teilen<\/a>\n\t\t\t\t<p class=\"cff-share-tooltip\">\n\t\t\t\t\t\t\t\t\t\t\t<a href=\"https:\/\/www.facebook.com\/sharer\/sharer.php?u=https%3A%2F%2Fwww.facebook.com%2F915432378153262%2Fposts%2F884834297879737\" target=\"_blank\" rel=\"noopener noreferrer\" class=\"cff-facebook-icon\">\n\t\t\t\t\t\t\t<span class=\"fa fab fa-facebook-square\" aria-hidden=\"true\"><\/span>\n\t\t\t\t\t\t\t<span class=\"cff-screenreader\">Auf Facebook teilen<\/span>\n\t\t\t\t\t\t<\/a>\n\t\t\t\t\t\t\t\t\t\t\t<a href=\"https:\/\/twitter.com\/intent\/tweet?text=https%3A%2F%2Fwww.facebook.com%2F915432378153262%2Fposts%2F884834297879737\" target=\"_blank\" rel=\"noopener noreferrer\" class=\"cff-twitter-icon\">\n\t\t\t\t\t\t\t<span class=\"fa fab fa-twitter\" aria-hidden=\"true\"><\/span>\n\t\t\t\t\t\t\t<span class=\"cff-screenreader\">Auf Twitter teilen<\/span>\n\t\t\t\t\t\t<\/a>\n\t\t\t\t\t\t\t\t\t\t\t<a href=\"https:\/\/www.linkedin.com\/shareArticle?mini=true&#038;url=https%3A%2F%2Fwww.facebook.com%2F915432378153262%2Fposts%2F884834297879737&#038;title=%09%09%09%F0%9F%8F%AB%20%D1%95%C9%95%D0%BD%CF%8B%E2%84%93%D1%94%D1%8F%CF%89%D1%94%D1%8F%D0%B2%CF%85%CE%B7%D6%81%20%F0%9F%8F%ABAlle%202%20Jahre%20d%C3%BCrfen%20wir%20die%20VS%20Eberschwang%20besuchen%20und%20uns%20als%20MMK%20Eberschwang%20vorstellen.%20Mit%20kleinen%20und%20lustigen%20Spielchen%20konnten%20wir%20die%20Sch%C3%BClerinnen%20und%20Sch%C3%BCler%20in%20unseren%20Bann%20der%20Blasmusik%20ziehen%20%F0%9F%8E%B6Mit%20den%20aktuellsten%20Hits%20wie%20%E2%80%9EWackelkontakt%E2%80%9C%20oder%20%E2%80%9EPartyplanet%E2%80%9C%20konnten%20wir%20alle%20zum%20Mitmachen%20bewegen%20und%20es%20wurde%20richtig%20laut%20im%20Turnsaal%20%F0%9F%98%86Zum%20Abschluss%20durften%20noch%20alle%20Instrumente%20probiert%20werden%20-%20und%20wer%20wei%C3%9F%2C%20vielleicht%20schlummert%20der%20ein%20oder%20andere%20Musiker%20in%20euch%21%20%F0%9F%98%8E%23mmk%20%23sch%C3%BClerwerbung%20%23mitmachen%20%23gaudi%20%23vollebegeisterung%09%09%09%09\" target=\"_blank\" rel=\"noopener noreferrer\" class=\"cff-linkedin-icon\">\n\t\t\t\t\t\t\t<span class=\"fa fab fa-linkedin\" aria-hidden=\"true\"><\/span>\n\t\t\t\t\t\t\t<span class=\"cff-screenreader\">Auf LinkedIn teilen<\/span>\n\t\t\t\t\t\t<\/a>\n\t\t\t\t\t\t\t\t\t\t\t<a href=\"mailto:?subject=Facebook&#038;body=https%3A%2F%2Fwww.facebook.com%2F915432378153262%2Fposts%2F884834297879737%20-%20%0A%0A%09%0A%09%09%F0%9F%8F%AB%20%D1%95%C9%95%D0%BD%CF%8B%E2%84%93%D1%94%D1%8F%CF%89%D1%94%D1%8F%D0%B2%CF%85%CE%B7%D6%81%20%F0%9F%8F%ABAlle%202%20Jahre%20d%C3%BCrfen%20wir%20die%20VS%20Eberschwang%20besuchen%20und%20uns%20als%20MMK%20Eberschwang%20vorstellen.%20Mit%20kleinen%20und%20lustigen%20Spielchen%20konnten%20wir%20die%20Sch%C3%BClerinnen%20und%20Sch%C3%BCler%20in%20unseren%20Bann%20der%20Blasmusik%20ziehen%20%F0%9F%8E%B6Mit%20den%20aktuellsten%20Hits%20wie%20%E2%80%9EWackelkontakt%E2%80%9C%20oder%20%E2%80%9EPartyplanet%E2%80%9C%20konnten%20wir%20alle%20zum%20Mitmachen%20bewegen%20und%20es%20wurde%20richtig%20laut%20im%20Turnsaal%20%F0%9F%98%86Zum%20Abschluss%20durften%20noch%20alle%20Instrumente%20probiert%20werden%20-%20und%20wer%20wei%C3%9F%2C%20vielleicht%20schlummert%20der%20ein%20oder%20andere%20Musiker%20in%20euch%21%20%F0%9F%98%8E%23mmk%20%23sch%C3%BClerwerbung%20%23mitmachen%20%23gaudi%20%23vollebegeisterung%09%09%09%0A%09\" target=\"_blank\" rel=\"noopener noreferrer\" class=\"cff-email-icon\">\n\t\t\t\t\t\t\t<span class=\"fa fab fa-envelope\" aria-hidden=\"true\"><\/span>\n\t\t\t\t\t\t\t<span class=\"cff-screenreader\">Per E-Mail teilen<\/span>\n\t\t\t\t\t\t<\/a>\n\t\t\t\t\t\t\t\t\t<\/p>\n\t\t\t<\/div>\n\t\t\t<\/div>\n\t<\/div>\n\n\n\n<div id=\"cff_104667835897949_822768070753027\" class=\"cff-item cff-photo-post cff-box author-marktmusik-eberschwang\"  style=\"border-radius:21px;background-color:#FDFDFD;\" >\n\t\n<div class=\"cff-post-text\" >\n\t<span class=\"cff-text\" data-color=\"\">\n\t\tDie MMK w\u00fcnscht Euch Frohe Weihnachten und eine besinnliche Zeit mit euren Liebsten \ud83c\udf84<img class=\"cff-linebreak\" \/><img class=\"cff-linebreak\" \/>Wir sehen uns schon bald beim Neujahranblasen am 27. und 28. Dezember \ud83c\udfb5\t\t\t<\/span>\n\t<span class=\"cff-expand\">... <a href=\"#\" style=\"color: #\"><span class=\"cff-more\">Mehr sehen<\/span><span class=\"cff-less\">Weniger sehen<\/span><\/a><\/span>\n\n<\/div>\n\n<p class=\"cff-media-link\">\n\t<a href=\"https:\/\/www.facebook.com\/photo.php?fbid=822768050753029&#038;set=a.106506399045868&#038;type=3\" target=\"_blank\" style=\"color: #\">\n\t\t<span style=\"padding-right: 5px;\" class=\"fa fas fa-picture-o fa-image\"><\/span>Foto\t<\/a>\n<\/p>\n\t\t<div class=\"cff-post-links\">\n\t\t\t\t\t<a class=\"cff-viewpost-facebook\" href=\"https:\/\/www.facebook.com\/photo.php?fbid=822768050753029&#038;set=a.106506399045868&#038;type=3\" title=\"Auf Facebook anzeigen\" target=\"_blank\" rel=\"nofollow noopener\" >Auf Facebook anzeigen<\/a>\n\t\t\t\t\t\t\t<div class=\"cff-share-container\">\n\t\t\t\t\t\t\t\t\t<span class=\"cff-dot\" >&middot;<\/span>\n\t\t\t\t\t\t\t\t<a class=\"cff-share-link\" href=\"https:\/\/www.facebook.com\/sharer\/sharer.php?u=https%3A%2F%2Fwww.facebook.com%2Fphoto.php%3Ffbid%3D822768050753029%26amp%3Bset%3Da.106506399045868%26amp%3Btype%3D3\" title=\"Teilen\" >Teilen<\/a>\n\t\t\t\t<p class=\"cff-share-tooltip\">\n\t\t\t\t\t\t\t\t\t\t\t<a href=\"https:\/\/www.facebook.com\/sharer\/sharer.php?u=https%3A%2F%2Fwww.facebook.com%2Fphoto.php%3Ffbid%3D822768050753029%26amp%3Bset%3Da.106506399045868%26amp%3Btype%3D3\" target=\"_blank\" rel=\"noopener noreferrer\" class=\"cff-facebook-icon\">\n\t\t\t\t\t\t\t<span class=\"fa fab fa-facebook-square\" aria-hidden=\"true\"><\/span>\n\t\t\t\t\t\t\t<span class=\"cff-screenreader\">Auf Facebook teilen<\/span>\n\t\t\t\t\t\t<\/a>\n\t\t\t\t\t\t\t\t\t\t\t<a href=\"https:\/\/twitter.com\/intent\/tweet?text=https%3A%2F%2Fwww.facebook.com%2Fphoto.php%3Ffbid%3D822768050753029%26amp%3Bset%3Da.106506399045868%26amp%3Btype%3D3\" target=\"_blank\" rel=\"noopener noreferrer\" class=\"cff-twitter-icon\">\n\t\t\t\t\t\t\t<span class=\"fa fab fa-twitter\" aria-hidden=\"true\"><\/span>\n\t\t\t\t\t\t\t<span class=\"cff-screenreader\">Auf Twitter teilen<\/span>\n\t\t\t\t\t\t<\/a>\n\t\t\t\t\t\t\t\t\t\t\t<a href=\"https:\/\/www.linkedin.com\/shareArticle?mini=true&#038;url=https%3A%2F%2Fwww.facebook.com%2Fphoto.php%3Ffbid%3D822768050753029%26amp%3Bset%3Da.106506399045868%26amp%3Btype%3D3&#038;title=%09%09%09Die%20MMK%20w%C3%BCnscht%20Euch%20Frohe%20Weihnachten%20und%20eine%20besinnliche%20Zeit%20mit%20euren%20Liebsten%20%F0%9F%8E%84Wir%20sehen%20uns%20schon%20bald%20beim%20Neujahranblasen%20am%2027.%20und%2028.%20Dezember%20%F0%9F%8E%B5%09%09%09%09\" target=\"_blank\" rel=\"noopener noreferrer\" class=\"cff-linkedin-icon\">\n\t\t\t\t\t\t\t<span class=\"fa fab fa-linkedin\" aria-hidden=\"true\"><\/span>\n\t\t\t\t\t\t\t<span class=\"cff-screenreader\">Auf LinkedIn teilen<\/span>\n\t\t\t\t\t\t<\/a>\n\t\t\t\t\t\t\t\t\t\t\t<a href=\"mailto:?subject=Facebook&#038;body=https%3A%2F%2Fwww.facebook.com%2Fphoto.php%3Ffbid%3D822768050753029%26amp%3Bset%3Da.106506399045868%26amp%3Btype%3D3%20-%20%0A%0A%09%0A%09%09Die%20MMK%20w%C3%BCnscht%20Euch%20Frohe%20Weihnachten%20und%20eine%20besinnliche%20Zeit%20mit%20euren%20Liebsten%20%F0%9F%8E%84Wir%20sehen%20uns%20schon%20bald%20beim%20Neujahranblasen%20am%2027.%20und%2028.%20Dezember%20%F0%9F%8E%B5%09%09%09%0A%09\" target=\"_blank\" rel=\"noopener noreferrer\" class=\"cff-email-icon\">\n\t\t\t\t\t\t\t<span class=\"fa fab fa-envelope\" aria-hidden=\"true\"><\/span>\n\t\t\t\t\t\t\t<span class=\"cff-screenreader\">Per E-Mail teilen<\/span>\n\t\t\t\t\t\t<\/a>\n\t\t\t\t\t\t\t\t\t<\/p>\n\t\t\t<\/div>\n\t\t\t<\/div>\n\t<\/div>\n\n\n\n<div id=\"cff_104667835897949_811513065211861\" class=\"cff-item cff-status-post cff-album cff-box author-marktmusik-eberschwang\"  style=\"border-radius:21px;background-color:#FDFDFD;\" >\n\t\n<div class=\"cff-post-text\" >\n\t<span class=\"cff-text\" data-color=\"\">\n\t\t\u2728 \ud835\udde5\ud835\ude02\u0308\ud835\uddf0\ud835\uddf8\ud835\uddef\ud835\uddf9\ud835\uddf6\ud835\uddf0\ud835\uddf8 \ud835\uddea\ud835\uddf2\ud835\uddf6\ud835\uddf5\ud835\uddfb\ud835\uddee\ud835\uddf0\ud835\uddf5\ud835\ude01\ud835\ude00\ud835\uddf8\ud835\uddfc\ud835\uddfb\ud835\ude07\ud835\uddf2\ud835\uddff\ud835\ude01 \u2728<img class=\"cff-linebreak\" \/>Was f\u00fcr ein wunderbarer Abend \ud83c\udf84<img class=\"cff-linebreak\" \/><img class=\"cff-linebreak\" \/>Wir m\u00f6chten uns bei all unseren Besucherinnen und Besucher bedanken, die diesen Moment mit uns geteilt haben.<img class=\"cff-linebreak\" \/><img class=\"cff-linebreak\" \/>Ein gro\u00dfes Lob gilt unseren Solisten Elisa, Sepp und Theresa, die uns am Fl\u00fcgelhorn und mit ihrem Gesang begeistert haben - ihr wart gro\u00dfartig \ud83d\udc4f\ud83c\udffb\u2728<img class=\"cff-linebreak\" \/><img class=\"cff-linebreak\" \/>Aber das allergr\u00f6\u00dfte Dankesch\u00f6n gilt unserem neuen Kapellmeister \ud835\udde3\ud835\uddee\ud835\ude01\ud835\uddff\ud835\uddf6\ud835\uddf0\ud835\uddf8 \ud835\uddea\ud835\uddf6\ud835\uddf9\ud835\uddf5\ud835\uddf2\ud835\uddf9\ud835\uddfa, der mit viel Engagement und Herz das Programm mit uns einstudiert hat \ud83e\udef6\ud83c\udffc\ud83c\udfb6<img class=\"cff-linebreak\" \/>Wir freuen uns schon auf die n\u00e4chsten musikalischen Momente mit dir, Patrick \ud83c\udfba\u2728<img class=\"cff-linebreak\" \/><img class=\"cff-linebreak\" \/>Der Zusammenhalt und die Freude am gemeinsamen Musizieren waren an diesem Abend wieder deutlich zu sp\u00fcren! \u2764\ufe0f\ud83d\udc9a<img class=\"cff-linebreak\" \/><img class=\"cff-linebreak\" \/><a href=\"https:\/\/facebook.com\/138277686342264\">#MMK<\/a> <a href=\"https:\/\/facebook.com\/448162625304374\">#weihnachtskonzert<\/a> <a href=\"https:\/\/facebook.com\/1334424003299735\">#neuerkapellmeister<\/a> <a href=\"https:\/\/facebook.com\/574076539343503\">#eingro\u00dfesdanke<\/a> <a href=\"https:\/\/facebook.com\/843434849018003\">#aufweiteremomente<\/a>\t\t\t<\/span>\n\t<span class=\"cff-expand\">... <a href=\"#\" style=\"color: #\"><span class=\"cff-more\">Mehr sehen<\/span><span class=\"cff-less\">Weniger sehen<\/span><\/a><\/span>\n\n<\/div>\n\n<p class=\"cff-media-link\">\n\t<a href=\"https:\/\/www.facebook.com\/915432378153262\/posts\/811513065211861\" target=\"_blank\" style=\"color: #\">\n\t\t<span style=\"padding-right: 5px;\" class=\"fa fas fa-picture-o fa-image\"><\/span>Foto\t<\/a>\n<\/p>\n\t\t<div class=\"cff-post-links\">\n\t\t\t\t\t<a class=\"cff-viewpost-facebook\" href=\"https:\/\/www.facebook.com\/915432378153262\/posts\/811513065211861\" title=\"Auf Facebook anzeigen\" target=\"_blank\" rel=\"nofollow noopener\" >Auf Facebook anzeigen<\/a>\n\t\t\t\t\t\t\t<div class=\"cff-share-container\">\n\t\t\t\t\t\t\t\t\t<span class=\"cff-dot\" >&middot;<\/span>\n\t\t\t\t\t\t\t\t<a class=\"cff-share-link\" href=\"https:\/\/www.facebook.com\/sharer\/sharer.php?u=https%3A%2F%2Fwww.facebook.com%2F915432378153262%2Fposts%2F811513065211861\" title=\"Teilen\" >Teilen<\/a>\n\t\t\t\t<p class=\"cff-share-tooltip\">\n\t\t\t\t\t\t\t\t\t\t\t<a href=\"https:\/\/www.facebook.com\/sharer\/sharer.php?u=https%3A%2F%2Fwww.facebook.com%2F915432378153262%2Fposts%2F811513065211861\" target=\"_blank\" rel=\"noopener noreferrer\" class=\"cff-facebook-icon\">\n\t\t\t\t\t\t\t<span class=\"fa fab fa-facebook-square\" aria-hidden=\"true\"><\/span>\n\t\t\t\t\t\t\t<span class=\"cff-screenreader\">Auf Facebook teilen<\/span>\n\t\t\t\t\t\t<\/a>\n\t\t\t\t\t\t\t\t\t\t\t<a href=\"https:\/\/twitter.com\/intent\/tweet?text=https%3A%2F%2Fwww.facebook.com%2F915432378153262%2Fposts%2F811513065211861\" target=\"_blank\" rel=\"noopener noreferrer\" class=\"cff-twitter-icon\">\n\t\t\t\t\t\t\t<span class=\"fa fab fa-twitter\" aria-hidden=\"true\"><\/span>\n\t\t\t\t\t\t\t<span class=\"cff-screenreader\">Auf Twitter teilen<\/span>\n\t\t\t\t\t\t<\/a>\n\t\t\t\t\t\t\t\t\t\t\t<a href=\"https:\/\/www.linkedin.com\/shareArticle?mini=true&#038;url=https%3A%2F%2Fwww.facebook.com%2F915432378153262%2Fposts%2F811513065211861&#038;title=%09%09%09%E2%9C%A8%20%F0%9D%97%A5%F0%9D%98%82%CC%88%F0%9D%97%B0%F0%9D%97%B8%F0%9D%97%AF%F0%9D%97%B9%F0%9D%97%B6%F0%9D%97%B0%F0%9D%97%B8%20%F0%9D%97%AA%F0%9D%97%B2%F0%9D%97%B6%F0%9D%97%B5%F0%9D%97%BB%F0%9D%97%AE%F0%9D%97%B0%F0%9D%97%B5%F0%9D%98%81%F0%9D%98%80%F0%9D%97%B8%F0%9D%97%BC%F0%9D%97%BB%F0%9D%98%87%F0%9D%97%B2%F0%9D%97%BF%F0%9D%98%81%20%E2%9C%A8Was%20f%C3%BCr%20ein%20wunderbarer%20Abend%20%F0%9F%8E%84Wir%20m%C3%B6chten%20uns%20bei%20all%20unseren%20Besucherinnen%20und%20Besucher%20bedanken%2C%20die%20diesen%20Moment%20mit%20uns%20geteilt%20haben.Ein%20gro%C3%9Fes%20Lob%20gilt%20unseren%20Solisten%20Elisa%2C%20Sepp%20und%20Theresa%2C%20die%20uns%20am%20Fl%C3%BCgelhorn%20und%20mit%20ihrem%20Gesang%20begeistert%20haben%20-%20ihr%20wart%20gro%C3%9Fartig%20%F0%9F%91%8F%F0%9F%8F%BB%E2%9C%A8Aber%20das%20allergr%C3%B6%C3%9Fte%20Dankesch%C3%B6n%20gilt%20unserem%20neuen%20Kapellmeister%20%F0%9D%97%A3%F0%9D%97%AE%F0%9D%98%81%F0%9D%97%BF%F0%9D%97%B6%F0%9D%97%B0%F0%9D%97%B8%20%F0%9D%97%AA%F0%9D%97%B6%F0%9D%97%B9%F0%9D%97%B5%F0%9D%97%B2%F0%9D%97%B9%F0%9D%97%BA%2C%20der%20mit%20viel%20Engagement%20und%20Herz%20das%20Programm%20mit%20uns%20einstudiert%20hat%20%F0%9F%AB%B6%F0%9F%8F%BC%F0%9F%8E%B6Wir%20freuen%20uns%20schon%20auf%20die%20n%C3%A4chsten%20musikalischen%20Momente%20mit%20dir%2C%20Patrick%20%F0%9F%8E%BA%E2%9C%A8Der%20Zusammenhalt%20und%20die%20Freude%20am%20gemeinsamen%20Musizieren%20waren%20an%20diesem%20Abend%20wieder%20deutlich%20zu%20sp%C3%BCren%21%20%E2%9D%A4%EF%B8%8F%F0%9F%92%9A%23MMK%20%23weihnachtskonzert%20%23neuerkapellmeister%20%23eingro%C3%9Fesdanke%20%23aufweiteremomente%09%09%09%09\" target=\"_blank\" rel=\"noopener noreferrer\" class=\"cff-linkedin-icon\">\n\t\t\t\t\t\t\t<span class=\"fa fab fa-linkedin\" aria-hidden=\"true\"><\/span>\n\t\t\t\t\t\t\t<span class=\"cff-screenreader\">Auf LinkedIn teilen<\/span>\n\t\t\t\t\t\t<\/a>\n\t\t\t\t\t\t\t\t\t\t\t<a href=\"mailto:?subject=Facebook&#038;body=https%3A%2F%2Fwww.facebook.com%2F915432378153262%2Fposts%2F811513065211861%20-%20%0A%0A%09%0A%09%09%E2%9C%A8%20%F0%9D%97%A5%F0%9D%98%82%CC%88%F0%9D%97%B0%F0%9D%97%B8%F0%9D%97%AF%F0%9D%97%B9%F0%9D%97%B6%F0%9D%97%B0%F0%9D%97%B8%20%F0%9D%97%AA%F0%9D%97%B2%F0%9D%97%B6%F0%9D%97%B5%F0%9D%97%BB%F0%9D%97%AE%F0%9D%97%B0%F0%9D%97%B5%F0%9D%98%81%F0%9D%98%80%F0%9D%97%B8%F0%9D%97%BC%F0%9D%97%BB%F0%9D%98%87%F0%9D%97%B2%F0%9D%97%BF%F0%9D%98%81%20%E2%9C%A8Was%20f%C3%BCr%20ein%20wunderbarer%20Abend%20%F0%9F%8E%84Wir%20m%C3%B6chten%20uns%20bei%20all%20unseren%20Besucherinnen%20und%20Besucher%20bedanken%2C%20die%20diesen%20Moment%20mit%20uns%20geteilt%20haben.Ein%20gro%C3%9Fes%20Lob%20gilt%20unseren%20Solisten%20Elisa%2C%20Sepp%20und%20Theresa%2C%20die%20uns%20am%20Fl%C3%BCgelhorn%20und%20mit%20ihrem%20Gesang%20begeistert%20haben%20-%20ihr%20wart%20gro%C3%9Fartig%20%F0%9F%91%8F%F0%9F%8F%BB%E2%9C%A8Aber%20das%20allergr%C3%B6%C3%9Fte%20Dankesch%C3%B6n%20gilt%20unserem%20neuen%20Kapellmeister%20%F0%9D%97%A3%F0%9D%97%AE%F0%9D%98%81%F0%9D%97%BF%F0%9D%97%B6%F0%9D%97%B0%F0%9D%97%B8%20%F0%9D%97%AA%F0%9D%97%B6%F0%9D%97%B9%F0%9D%97%B5%F0%9D%97%B2%F0%9D%97%B9%F0%9D%97%BA%2C%20der%20mit%20viel%20Engagement%20und%20Herz%20das%20Programm%20mit%20uns%20einstudiert%20hat%20%F0%9F%AB%B6%F0%9F%8F%BC%F0%9F%8E%B6Wir%20freuen%20uns%20schon%20auf%20die%20n%C3%A4chsten%20musikalischen%20Momente%20mit%20dir%2C%20Patrick%20%F0%9F%8E%BA%E2%9C%A8Der%20Zusammenhalt%20und%20die%20Freude%20am%20gemeinsamen%20Musizieren%20waren%20an%20diesem%20Abend%20wieder%20deutlich%20zu%20sp%C3%BCren%21%20%E2%9D%A4%EF%B8%8F%F0%9F%92%9A%23MMK%20%23weihnachtskonzert%20%23neuerkapellmeister%20%23eingro%C3%9Fesdanke%20%23aufweiteremomente%09%09%09%0A%09\" target=\"_blank\" rel=\"noopener noreferrer\" class=\"cff-email-icon\">\n\t\t\t\t\t\t\t<span class=\"fa fab fa-envelope\" aria-hidden=\"true\"><\/span>\n\t\t\t\t\t\t\t<span class=\"cff-screenreader\">Per E-Mail teilen<\/span>\n\t\t\t\t\t\t<\/a>\n\t\t\t\t\t\t\t\t\t<\/p>\n\t\t\t<\/div>\n\t\t\t<\/div>\n\t<\/div>\n\n\n\n<\/div><input class=\"cff-pag-url\" type=\"hidden\" data-locatornonce=\"8b97f82f56\" data-cff-shortcode=\"{&quot;feed&quot;: &quot;1&quot;}\" data-post-id=\"4655\" data-feed-id=\"104667835897949\"><\/div><\/div><div class=\"cff-clear\"><\/div><\/div>\n\n\n\n<hr class=\"wp-block-separator has-alpha-channel-opacity is-style-default\"\/>\n\n\n\n<p class=\"has-text-align-center\">Danke an unseren Hauptsponsor:<\/p>\n\n\n\n<div class=\"wp-block-columns is-layout-flex wp-container-core-columns-is-layout-9d6595d7 wp-block-columns-is-layout-flex\">\n<div class=\"wp-block-column is-layout-flow wp-block-column-is-layout-flow\"><div class=\"wp-block-image\">\n<figure class=\"aligncenter size-full is-resized\"><figure id=\"attachment_13003\" class=\"alignnone\"><a data-fancybox-title=\"\" class=\"zoom-hover fb\" href=\"https:\/\/dorf-metzger.at\/\"><img loading=\"lazy\" decoding=\"async\" width=\"2560\" height=\"1440\" src=\"https:\/\/www.marktmusik-eberschwang.com\/cms\/wp-content\/uploads\/2026\/02\/EBER_Logo-13-edited-scaled.png\" alt=\"\" class=\"wp-image-13003\" style=\"width:444px;height:auto\" srcset=\"https:\/\/www.marktmusik-eberschwang.com\/cms\/wp-content\/uploads\/2026\/02\/EBER_Logo-13-edited-scaled.png 2560w, https:\/\/www.marktmusik-eberschwang.com\/cms\/wp-content\/uploads\/2026\/02\/EBER_Logo-13-edited-300x169.png 300w, https:\/\/www.marktmusik-eberschwang.com\/cms\/wp-content\/uploads\/2026\/02\/EBER_Logo-13-edited-1024x576.png 1024w, https:\/\/www.marktmusik-eberschwang.com\/cms\/wp-content\/uploads\/2026\/02\/EBER_Logo-13-edited-768x432.png 768w, https:\/\/www.marktmusik-eberschwang.com\/cms\/wp-content\/uploads\/2026\/02\/EBER_Logo-13-edited-1536x864.png 1536w, https:\/\/www.marktmusik-eberschwang.com\/cms\/wp-content\/uploads\/2026\/02\/EBER_Logo-13-edited-2048x1152.png 2048w, https:\/\/www.marktmusik-eberschwang.com\/cms\/wp-content\/uploads\/2026\/02\/EBER_Logo-13-edited-107x60.png 107w, https:\/\/www.marktmusik-eberschwang.com\/cms\/wp-content\/uploads\/2026\/02\/EBER_Logo-13-edited-1200x675.png 1200w, https:\/\/www.marktmusik-eberschwang.com\/cms\/wp-content\/uploads\/2026\/02\/EBER_Logo-13-edited-1920x1080.png 1920w, https:\/\/www.marktmusik-eberschwang.com\/cms\/wp-content\/uploads\/2026\/02\/EBER_Logo-13-edited-1160x653.png 1160w, https:\/\/www.marktmusik-eberschwang.com\/cms\/wp-content\/uploads\/2026\/02\/EBER_Logo-13-edited-748x421.png 748w, https:\/\/www.marktmusik-eberschwang.com\/cms\/wp-content\/uploads\/2026\/02\/EBER_Logo-13-edited-364x205.png 364w\" sizes=\"auto, (max-width: 2560px) 100vw, 2560px\" \/><\/a><\/figure><\/figure>\n<\/div><\/div>\n<\/div>\n\n\n\n<div style=\"height:34px\" aria-hidden=\"true\" class=\"wp-block-spacer\"><\/div>\n","protected":false},"excerpt":{"rendered":"<p>Danke an unseren Hauptsponsor:<\/p>\n","protected":false},"author":1,"featured_media":0,"parent":0,"menu_order":0,"comment_status":"closed","ping_status":"closed","template":"custom-page.php","meta":{"ngg_post_thumbnail":0,"footnotes":""},"class_list":["post-4655","page","type-page","status-publish","hentry"],"_links":{"self":[{"href":"https:\/\/www.marktmusik-eberschwang.com\/cms\/wp-json\/wp\/v2\/pages\/4655","targetHints":{"allow":["GET"]}}],"collection":[{"href":"https:\/\/www.marktmusik-eberschwang.com\/cms\/wp-json\/wp\/v2\/pages"}],"about":[{"href":"https:\/\/www.marktmusik-eberschwang.com\/cms\/wp-json\/wp\/v2\/types\/page"}],"author":[{"embeddable":true,"href":"https:\/\/www.marktmusik-eberschwang.com\/cms\/wp-json\/wp\/v2\/users\/1"}],"replies":[{"embeddable":true,"href":"https:\/\/www.marktmusik-eberschwang.com\/cms\/wp-json\/wp\/v2\/comments?post=4655"}],"version-history":[{"count":90,"href":"https:\/\/www.marktmusik-eberschwang.com\/cms\/wp-json\/wp\/v2\/pages\/4655\/revisions"}],"predecessor-version":[{"id":13010,"href":"https:\/\/www.marktmusik-eberschwang.com\/cms\/wp-json\/wp\/v2\/pages\/4655\/revisions\/13010"}],"wp:attachment":[{"href":"https:\/\/www.marktmusik-eberschwang.com\/cms\/wp-json\/wp\/v2\/media?parent=4655"}],"curies":[{"name":"wp","href":"https:\/\/api.w.org\/{rel}","templated":true}]}}